{"id":636,"date":"2020-11-09T18:26:38","date_gmt":"2020-11-09T17:26:38","guid":{"rendered":"http:\/\/www.afmb.univ-mrs.fr\/?page_id=636"},"modified":"2026-08-26T13:26:09","modified_gmt":"2026-08-26T12:26:09","slug":"home","status":"publish","type":"page","link":"https:\/\/www.afmb.univ-mrs.fr\/en\/","title":{"rendered":"Home"},"content":{"rendered":"\n<div class=\"wp-block-group alignfull homeTopBannerWrapper topSection\"><div class=\"wp-block-group__inner-container is-layout-constrained wp-block-group-is-layout-constrained\">\n<div class=\"wp-block-cover alignfull homeTopBanner\"><video class=\"wp-block-cover__video-background intrinsic-ignore\" autoplay muted loop playsinline playsinline src=\"http:\/\/www.afmb.univ-mrs.fr\/wp-content\/uploads\/2021\/09\/AFMB-SEPT.mp4\" data-object-fit=\"cover\"><\/video><span aria-hidden=\"true\" class=\"wp-block-cover__background has-dark-blue-background-color has-background-dim-10 has-background-dim\"><\/span><div class=\"wp-block-cover__inner-container is-layout-flow wp-block-cover-is-layout-flow\">\n<h1 class=\"wp-block-heading has-white-color has-text-color has-link-color wp-elements-02c8bb2bf225d703d69312afbcf28f89\"><strong>Laboratory<br>Architecture et Fonction<br>des Macromol\u00e9cules <br>Biologiques<\/strong><\/h1>\n\n\n\n<div class=\"wp-block-group homeTopBannerTextGroup has-dark-blue-color has-white-background-color has-text-color has-background\"><div class=\"wp-block-group__inner-container is-layout-flow wp-block-group-is-layout-flow\">\n<p>The Architecture et Fonction des Macromol\u00e9cules Biologiques (AFMB) laboratory, overseen by the CNRS and AMU, is a center of structural biology localized on the Luminy campus in the South of Marseilles, France, and in partnership with INRAE under contract.<\/p>\n\n\n\n<div class=\"wp-block-buttons is-layout-flex wp-block-buttons-is-layout-flex\">\n<div class=\"wp-block-button is-style-outline is-style-outline--1\"><a class=\"wp-block-button__link wp-element-button\" href=\"https:\/\/www.afmb.univ-mrs.fr\/en\/laboratory\/\">Our laboratory<\/a><\/div>\n\n\n\n<div class=\"wp-block-button is-style-outline is-style-outline--2\"><a class=\"wp-block-button__link has-orange-color has-text-color wp-element-button\" href=\"https:\/\/www.afmb.univ-mrs.fr\/en\/research\/\">Our research<\/a><\/div>\n<\/div>\n<\/div><\/div>\n<\/div><\/div>\n<\/div><\/div>\n\n\n\n<div class=\"wp-block-group homeNewsGroup\"><div class=\"wp-block-group__inner-container is-layout-constrained wp-block-group-is-layout-constrained\"><div class=\"postsHomeWrapper clearfix\"><h2 class=\"iconPlus\"><a href=\"https:\/\/www.afmb.univ-mrs.fr\/laboratoire\/actualites\/\"><em>News<\/em><\/a><\/h2><div class=\"row clearfix\"><div class=\"col-md-6\"><div class=\"postInListWrapper\"><div class=\"postInList  fadeIn\">\n\n            \n\n        <a class=\"postThumbnailLink\" href=\"https:\/\/www.afmb.univ-mrs.fr\/en\/2026\/08\/26\/congratulations-to-harshita-on-winning-the-first-prize-for-the-best-oral-presentation-at-the-journee-infectiopole-sud\/\">\n            \n            \n           \n            \n            <div class=\"postThumbnailWrapper \">\n                                            <img loading=\"lazy\" decoding=\"async\" src=\"https:\/\/www.afmb.univ-mrs.fr\/wp-content\/uploads\/2026\/08\/HarshitaMedalweb-1000x560.jpg\" width=\"1000\" height=\"560\" alt=\"\" class=\"lazyload\" \/>\n                         <\/div>\n            \n\n            <div class=\"postInListInfosWrapper\">\n                \n               \n                \n                <h4 class=\"postTitle\">Congratulations to Harshita on winning the first prize for the best oral presentation at the Journ\u00e9e Infectiop\u00f4le Sud !<\/h4>\n                                <p class=\"dateWrapper\">August 26, 2026<\/p>\n            <\/div>\n            \n            \n            \n        <\/a>\n\n<\/div><!-- postInList -->\n<\/div><\/div><div class=\"col-md-6\"><div class=\"postInListWrapper horizontals\"><div class=\"postInList  fadeIn\">\n\n            \n\n        <a class=\"postThumbnailLink\" href=\"https:\/\/www.afmb.univ-mrs.fr\/en\/2026\/08\/26\/the-work-of-ashleigh-shannon-and-colleagues-is-highlighted-in-cnrs-biologie-and-the-journal-la-marseillaise\/\">\n            \n            \n           \n            \n            <div class=\"postThumbnailWrapper \">\n                                            <img loading=\"lazy\" decoding=\"async\" src=\"https:\/\/www.afmb.univ-mrs.fr\/wp-content\/uploads\/2026\/08\/AShannonINSB2-1000x560.jpg\" width=\"1000\" height=\"560\" alt=\"\" class=\"lazyload\" \/>\n                         <\/div>\n            \n\n            <div class=\"postInListInfosWrapper\">\n                \n               \n                \n                <h4 class=\"postTitle\">The work of Ashleigh Shannon and coll. is highlighted by CNRS biologie and the newspaper &#8220;La Marseillaise&#8221;!<\/h4>\n                                <p class=\"dateWrapper\">August 26, 2026<\/p>\n            <\/div>\n            \n            \n            \n        <\/a>\n\n<\/div><!-- postInList -->\n<\/div><div class=\"postInListWrapper horizontals\"><div class=\"postInList  fadeIn\">\n\n            \n\n        <a class=\"postThumbnailLink\" href=\"https:\/\/www.afmb.univ-mrs.fr\/en\/2026\/07\/16\/congratulations-to-juan-reguera-recipient-of-the-prestigious-2025-erc-advanced-grant\/\">\n            \n            \n           \n            \n            <div class=\"postThumbnailWrapper \">\n                                            <img loading=\"lazy\" decoding=\"async\" src=\"https:\/\/www.afmb.univ-mrs.fr\/wp-content\/uploads\/2026\/07\/JuanERCdiapo-1000x560.jpg\" width=\"1000\" height=\"560\" alt=\"\" class=\"lazyload\" \/>\n                         <\/div>\n            \n\n            <div class=\"postInListInfosWrapper\">\n                \n               \n                \n                <h4 class=\"postTitle\">Congratulations to Juan Reguera, recipient of the prestigious 2025 ERC Advanced Grant.<\/h4>\n                                <p class=\"dateWrapper\">July 16, 2026<\/p>\n            <\/div>\n            \n            \n            \n        <\/a>\n\n<\/div><!-- postInList -->\n<\/div><div class=\"postInListWrapper horizontals\"><div class=\"postInList  fadeIn\">\n\n            \n\n        <a class=\"postThumbnailLink\" href=\"https:\/\/www.afmb.univ-mrs.fr\/en\/2026\/06\/23\/congrats-to-pascale-marchot-who-received-the-cnrs-medal-of-honnor\/\">\n            \n            \n           \n            \n            <div class=\"postThumbnailWrapper \">\n                                            <img loading=\"lazy\" decoding=\"async\" src=\"https:\/\/www.afmb.univ-mrs.fr\/wp-content\/uploads\/2026\/06\/Picture1-1000x560.jpg\" width=\"1000\" height=\"560\" alt=\"\" class=\"lazyload\" \/>\n                         <\/div>\n            \n\n            <div class=\"postInListInfosWrapper\">\n                \n               \n                \n                <h4 class=\"postTitle\">Congrats to Pascale Marchot, who received the CNRS Medal of Honnor<\/h4>\n                                <p class=\"dateWrapper\">June 23, 2026<\/p>\n            <\/div>\n            \n            \n            \n        <\/a>\n\n<\/div><!-- postInList -->\n<\/div><\/div><\/div><\/div>\n<\/div><\/div>\n\n\n\n<div class=\"wp-block-group alignfull homeBottomColumnsWrapper\"><div class=\"wp-block-group__inner-container is-layout-flow wp-block-group-is-layout-flow\">\n<div class=\"wp-block-columns is-layout-flex wp-container-core-columns-is-layout-9d6595d7 wp-block-columns-is-layout-flex\">\n<div class=\"wp-block-column is-layout-flow wp-block-column-is-layout-flow\" style=\"flex-basis:60%\"><div class=\"upcomingEventsWrapper clearfix\"><h2 class=\"iconPlus\"><a href=\"https:\/\/www.afmb.univ-mrs.fr\/laboratoire\/agenda\/\"><em>Upcoming events<\/em><\/a><\/h2><div class=\"eventsList clearfix\"><div class=\"eventInListWrapper\"><div class=\"eventInList fadeIn\">\n\n            \n\n\t<a class=\"eventLink\" href=\"https:\/\/www.afmb.univ-mrs.fr\/en\/event\/the-seminars-webinars-of-the-afmb-lab-will-be-back-in-september\/\">\n            \n            \n            <div class=\"eventDateWrapper\">\n                <span class=\"day\">7<\/span>\n                <span class=\"month\">September<\/span>\n                <span class=\"year\">2026<\/span>\n            <\/div>\n            \n           \n            \n\n            <div class=\"eventInListInfosWrapper\">\n                \n                                <p class=\"eventCategory\"><span class=\"cat-15\">Seminar<\/span><\/p>\n                               \n                \n                <h5 class=\"eventTitle\">S. Longhi&#8217;s team guest: Livio de Luca, MAP, Marseille -&#8220;From Digital Models to Knowledge Ecosystems: Correlating Space, Time and Interpretation in the Scientific Action for the Restoration of Notre-Dame de Paris&#8221;<\/h5>\n                                                <div class=\"eventTime\"><i class=\"fas fa-calendar-check\"><\/i> 11h00<\/div>\n                                                <div class=\"eventLocalisation\"><i class=\"fas fa-map-marker\"><\/i> AFMB lab<\/div>\n                               \n            <\/div>\n            \n            \n            \n        <\/a>\n\n<\/div><!-- postInList -->\n<\/div><div class=\"eventInListWrapper\"><div class=\"eventInList fadeIn\">\n\n            \n\n\t<a class=\"eventLink\" href=\"https:\/\/www.afmb.univ-mrs.fr\/en\/event\/postdoc-fellow-irfan-prabudiansyah-2\/\">\n            \n            \n            <div class=\"eventDateWrapper\">\n                <span class=\"day\">14<\/span>\n                <span class=\"month\">September<\/span>\n                <span class=\"year\">2026<\/span>\n            <\/div>\n            \n           \n            \n\n            <div class=\"eventInListInfosWrapper\">\n                \n                                <p class=\"eventCategory\"><span class=\"cat-15\">Seminar<\/span><\/p>\n                               \n                \n                <h5 class=\"eventTitle\">Postdoc fellow: Irfan Prabudiansyah<\/h5>\n                                                <div class=\"eventTime\"><i class=\"fas fa-calendar-check\"><\/i> 11h00<\/div>\n                                                <div class=\"eventLocalisation\"><i class=\"fas fa-map-marker\"><\/i> AFMB<\/div>\n                               \n            <\/div>\n            \n            \n            \n        <\/a>\n\n<\/div><!-- postInList -->\n<\/div><div class=\"eventInListWrapper\"><div class=\"eventInList fadeIn\">\n\n            \n\n\t<a class=\"eventLink\" href=\"https:\/\/www.afmb.univ-mrs.fr\/en\/event\/phd-students-matthieu-boulinguiez-and-alexandre-perez\/\">\n            \n            \n            <div class=\"eventDateWrapper\">\n                <span class=\"day\">21<\/span>\n                <span class=\"month\">September<\/span>\n                <span class=\"year\">2026<\/span>\n            <\/div>\n            \n           \n            \n\n            <div class=\"eventInListInfosWrapper\">\n                \n                                <p class=\"eventCategory\"><span class=\"cat-15\">Seminar<\/span><\/p>\n                               \n                \n                <h5 class=\"eventTitle\">PhD students: Matthieu Boulinguiez and Alexandre Perez<\/h5>\n                                                <div class=\"eventTime\"><i class=\"fas fa-calendar-check\"><\/i> 11h00<\/div>\n                                                <div class=\"eventLocalisation\"><i class=\"fas fa-map-marker\"><\/i> AFMB<\/div>\n                               \n            <\/div>\n            \n            \n            \n        <\/a>\n\n<\/div><!-- postInList -->\n<\/div><\/div><\/div>\n<\/div>\n\n\n\n<div class=\"wp-block-column is-layout-flow wp-block-column-is-layout-flow\" style=\"flex-basis:40%\">\n<div class=\"wp-block-group homeTwitterWrapper\"><div class=\"wp-block-group__inner-container is-layout-flow wp-block-group-is-layout-flow\">\n<blockquote class=\"bluesky-embed\" data-bluesky-uri=\"at:\/\/did:plc:mch7zzhji5igz5f5psppe6ab\/app.bsky.feed.post\/3mtvdsdbkek2w\" data-bluesky-cid=\"bafyreieqvkiy26oi3zg67xgvt7mhoitdqx2qwcxa5xgegbhhq3mwhqkhly\" data-bluesky-embed-color-mode=\"light\"><p lang=\"fr\">#Communiqu\u00e9 \ud83d\uddde\ufe0f Et si vous pouviez vous glisser dans la peau de scientifiques ? Du 7 au 18 octobre 2026, petits et grands sont invit\u00e9s \u00e0 pousser les portes des laboratoires et plateformes exp\u00e9rimentales du CNRS pour vivre des visites insolites. #CNRSinsolite\n\n\ud83d\udc49 www.cnrs.fr\/fr\/presse\/vi&#8230;<br><br><a href=\"https:\/\/bsky.app\/profile\/did:plc:mch7zzhji5igz5f5psppe6ab\/post\/3mtvdsdbkek2w?ref_src=embed\">[image or embed]<\/a><\/p>&mdash; CNRS (<a href=\"https:\/\/bsky.app\/profile\/did:plc:mch7zzhji5igz5f5psppe6ab?ref_src=embed\">@cnrs.fr<\/a>) <a href=\"https:\/\/bsky.app\/profile\/did:plc:mch7zzhji5igz5f5psppe6ab\/post\/3mtvdsdbkek2w?ref_src=embed\">25 August 2026 at 09:56<\/a><\/blockquote><script async src=\"https:\/\/embed.bsky.app\/static\/embed.js\" charset=\"utf-8\"><\/script>\n<\/div><\/div>\n<\/div>\n<\/div>\n<\/div><\/div>\n","protected":false},"excerpt":{"rendered":"<p>#Communiqu\u00e9 \ud83d\uddde\ufe0f Et si vous pouviez vous glisser dans la peau de scientifiques ? Du 7 au 18 octobre 2026, [&hellip;]<\/p>\n","protected":false},"author":1,"featured_media":0,"parent":0,"menu_order":1,"comment_status":"closed","ping_status":"closed","template":"page-templates\/page-accueil.php","meta":{"footnotes":""},"class_list":["post-636","page","type-page","status-publish","hentry","entry"],"_links":{"self":[{"href":"https:\/\/www.afmb.univ-mrs.fr\/en\/wp-json\/wp\/v2\/pages\/636","targetHints":{"allow":["GET"]}}],"collection":[{"href":"https:\/\/www.afmb.univ-mrs.fr\/en\/wp-json\/wp\/v2\/pages"}],"about":[{"href":"https:\/\/www.afmb.univ-mrs.fr\/en\/wp-json\/wp\/v2\/types\/page"}],"author":[{"embeddable":true,"href":"https:\/\/www.afmb.univ-mrs.fr\/en\/wp-json\/wp\/v2\/users\/1"}],"replies":[{"embeddable":true,"href":"https:\/\/www.afmb.univ-mrs.fr\/en\/wp-json\/wp\/v2\/comments?post=636"}],"version-history":[{"count":35,"href":"https:\/\/www.afmb.univ-mrs.fr\/en\/wp-json\/wp\/v2\/pages\/636\/revisions"}],"predecessor-version":[{"id":12500,"href":"https:\/\/www.afmb.univ-mrs.fr\/en\/wp-json\/wp\/v2\/pages\/636\/revisions\/12500"}],"wp:attachment":[{"href":"https:\/\/www.afmb.univ-mrs.fr\/en\/wp-json\/wp\/v2\/media?parent=636"}],"curies":[{"name":"wp","href":"https:\/\/api.w.org\/{rel}","templated":true}]}}